{"id":938,"date":"2021-03-24T17:55:39","date_gmt":"2021-03-24T16:55:39","guid":{"rendered":"http:\/\/lapparanfr.enseignes-montpellier.com\/?page_id=938"},"modified":"2021-04-16T17:50:16","modified_gmt":"2021-04-16T15:50:16","slug":"les-vignobles-de-saint-drezery","status":"publish","type":"page","link":"https:\/\/lapparan.fr\/es\/les-vignobles-de-saint-drezery\/","title":{"rendered":"Los vi\u00f1edos de Saint Drezery"},"content":{"rendered":"<p>Dos fincas muy famosas: Ch\u00e2teau Puech Haut a la entrada del pueblo viniendo de Teyran, y Mas d'Arca\u00ff a la entrada del pueblo viniendo de Beaulieu.<\/p>\n\t\t\t\t<a href=\"https:\/\/arcay.fr\/\" target=\"_blank\" rel=\"noopener\" itemprop=\"url\">\n\t\t\t\t<img decoding=\"async\" src=\"http:\/\/lapparan.frwp-content\/uploads\/2021\/03\/Logo-Mas-dArcay-vins-languedoc.png\" alt=\"Logo-Mas-dArcay-vins-languedoc\" itemprop=\"image\" title=\"Logo-Mas-dArcay-vins-languedoc\" onerror=\"this.style.display='none'\"  \/>\n\t\t\t\t<\/a>\n\t<iframe loading=\"lazy\" width=\"560\" height=\"315\" src=\"https:\/\/www.youtube.com\/embed\/3-dFcKs_9no\" title=\"Reproductor de v\u00eddeo de YouTube\" frameborder=\"0\" allow=\"accelerometer; autoplay; clipboard-write; encrypted-media; gyroscope; picture-in-picture\" allowfullscreen><\/iframe>\n\t\t\t\t<img decoding=\"async\" src=\"http:\/\/lapparan.frwp-content\/uploads\/2021\/02\/decorum-haut.png\" alt=\"decoro-alto\" itemprop=\"image\" title=\"decoro-alto\" onerror=\"this.style.display='none'\"  \/>\n\t\t\t\t<a href=\"https:\/\/puech-haut.com\/\" target=\"_blank\" rel=\"noopener\" itemprop=\"url\">\n\t\t\t\t<img decoding=\"async\" src=\"http:\/\/lapparan.frwp-content\/uploads\/2021\/03\/puech-haut-1200x800-1.jpg\" alt=\"puech alto 1200x800\" itemprop=\"image\" title=\"puech alto 1200x800\" onerror=\"this.style.display='none'\"  \/>\n\t\t\t\t<\/a>\n\t<iframe loading=\"lazy\" src=\"https:\/\/player.vimeo.com\/video\/86786593\" width=\"640\" height=\"269\" frameborder=\"0\" allow=\"autoplay; fullscreen; picture-in-picture\" allowfullscreen><\/iframe>\n<p><a href=\"https:\/\/vimeo.com\/86786593\">Ch\u00e2teau Puech-Haut<\/a> de <a href=\"https:\/\/vimeo.com\/user20053479\">AVINA CONSULTING<\/a> en <a href=\"https:\/\/vimeo.com\">Vimeo<\/a>.<\/p>\n\t\t\t<h2>El vi\u00f1edo de St Dr\u00e9z\u00e9ry<\/h2>\t\t\t\n\t<p>Saint-Dr\u00e9z\u00e9ry es un pueblo cuya historia y desarrollo est\u00e1n \u00edntimamente ligados a la viticultura.<\/p>\n<p>A 20 kil\u00f3metros al noreste de Montpellier, el terru\u00f1o de Saint-Dr\u00e9z\u00e9ry se extiende de 50 a 150 metros sobre el nivel del mar, con zonas de semipendientes y laderas.<\/p>\n<p>Los guijarros rodados son una de las principales caracter\u00edsticas de esta denominaci\u00f3n que garantiza una \u00f3ptima maduraci\u00f3n de las uvas y confiere a estos vinos potencia y refinamiento.<\/p>\n<p>El clima mar\u00edtimo de esta zona se caracteriza por una pluviometr\u00eda sensiblemente inferior a la media de otros sectores de la DOC Languedoc y por unas noches relativamente frescas. Estas condiciones t\u00e9rmicas nocturnas favorecen el proceso de maduraci\u00f3n, la coloraci\u00f3n y la expresi\u00f3n de los finos aromas de la uva.<\/p>\n<p>Los tintos de la AOC Languedoc-Saint-Dr\u00e9z\u00e9ry son famosos por su potencia y refinamiento...<\/p>\n\t\t\t<h5>Cont\u00e1ctenos<\/h5><h2>Reserve su estancia<\/h2>\t\t\t\n\t\t\t\t<p>No dude en ponerse en contacto con nosotros, le responderemos r\u00e1pidamente.<\/p>\n\t<h4>\n\t\t\t\tTel\u00e9fono\n\t\t\t<\/h4>\n\t\t<p><a href=\"tel:+33686515650\">+33 6 86 51 56 50<\/a><br \/>Todos los d\u00edas de 9 a 22 horas<\/p>\t\n\t<h4>\n\t\t\t\tCorreo\n\t\t\t<\/h4>\n\t\t\t\n\t<h4>\n\t\t\t\tDirecci\u00f3n\n\t\t\t<\/h4>\n\t\t\t\n\t\t\t<a href=\"http:\/\/lapparan.frcontact-2\" target=\"_self\" role=\"button\" rel=\"noopener\">\n\t\t\t\t\t\t\tEnv\u00edanos un mensaje\n\t\t<\/a>","protected":false},"excerpt":{"rendered":"<p>Deux domaines tr\u00e8s r\u00e9put\u00e9s: Ch\u00e2teau Puech Haut \u00e0 l&rsquo;entr\u00e9e du village en venant de Teyran, et Mas d&rsquo;Arca\u00ff \u00e0 l&rsquo;entr\u00e9e du village en venant de Beaulieu. Ch&acirc;teau Puech-Haut from AVINA CONSEIL on Vimeo. Le vignoble de St Dr\u00e9z\u00e9ry Saint-Dr\u00e9z\u00e9ry est un village dont l&rsquo;histoire et le d\u00e9veloppement sont intimement li\u00e9s \u00e0 la viticulture. A 20 [&hellip;]<\/p>","protected":false},"author":5,"featured_media":958,"parent":0,"menu_order":0,"comment_status":"closed","ping_status":"closed","template":"","meta":{"_seopress_robots_primary_cat":"","_seopress_titles_title":"","_seopress_titles_desc":"","_seopress_robots_index":"","inline_featured_image":false,"site-sidebar-layout":"no-sidebar","site-content-layout":"page-builder","ast-site-content-layout":"default","site-content-style":"default","site-sidebar-style":"default","ast-global-header-display":"","ast-banner-title-visibility":"","ast-main-header-display":"","ast-hfb-above-header-display":"","ast-hfb-below-header-display":"","ast-hfb-mobile-header-display":"","site-post-title":"disabled","ast-breadcrumbs-content":"","ast-featured-img":"disabled","footer-sml-layout":"","ast-disable-related-posts":"","theme-transparent-header-meta":"default","adv-header-id-meta":"","stick-header-meta":"default","header-above-stick-meta":"","header-main-stick-meta":"","header-below-stick-meta":"","astra-migrate-meta-layouts":"default","ast-page-background-enabled":"default","ast-page-background-meta":{"desktop":{"background-color":"","background-image":"","background-repeat":"repeat","background-position":"center center","background-size":"auto","background-attachment":"scroll","background-type":"","background-media":"","overlay-type":"","overlay-color":"","overlay-opacity":"","overlay-gradient":""},"tablet":{"background-color":"","background-image":"","background-repeat":"repeat","background-position":"center center","background-size":"auto","background-attachment":"scroll","background-type":"","background-media":"","overlay-type":"","overlay-color":"","overlay-opacity":"","overlay-gradient":""},"mobile":{"background-color":"","background-image":"","background-repeat":"repeat","background-position":"center center","background-size":"auto","background-attachment":"scroll","background-type":"","background-media":"","overlay-type":"","overlay-color":"","overlay-opacity":"","overlay-gradient":""}},"ast-content-background-meta":{"desktop":{"background-color":"var(--ast-global-color-5)","background-image":"","background-repeat":"repeat","background-position":"center center","background-size":"auto","background-attachment":"scroll","background-type":"","background-media":"","overlay-type":"","overlay-color":"","overlay-opacity":"","overlay-gradient":""},"tablet":{"background-color":"var(--ast-global-color-5)","background-image":"","background-repeat":"repeat","background-position":"center center","background-size":"auto","background-attachment":"scroll","background-type":"","background-media":"","overlay-type":"","overlay-color":"","overlay-opacity":"","overlay-gradient":""},"mobile":{"background-color":"var(--ast-global-color-5)","background-image":"","background-repeat":"repeat","background-position":"center center","background-size":"auto","background-attachment":"scroll","background-type":"","background-media":"","overlay-type":"","overlay-color":"","overlay-opacity":"","overlay-gradient":""}},"footnotes":""},"class_list":["post-938","page","type-page","status-publish","has-post-thumbnail","hentry"],"_links":{"self":[{"href":"https:\/\/lapparan.fr\/es\/wp-json\/wp\/v2\/pages\/938","targetHints":{"allow":["GET"]}}],"collection":[{"href":"https:\/\/lapparan.fr\/es\/wp-json\/wp\/v2\/pages"}],"about":[{"href":"https:\/\/lapparan.fr\/es\/wp-json\/wp\/v2\/types\/page"}],"author":[{"embeddable":true,"href":"https:\/\/lapparan.fr\/es\/wp-json\/wp\/v2\/users\/5"}],"replies":[{"embeddable":true,"href":"https:\/\/lapparan.fr\/es\/wp-json\/wp\/v2\/comments?post=938"}],"version-history":[{"count":0,"href":"https:\/\/lapparan.fr\/es\/wp-json\/wp\/v2\/pages\/938\/revisions"}],"wp:featuredmedia":[{"embeddable":true,"href":"https:\/\/lapparan.fr\/es\/wp-json\/wp\/v2\/media\/958"}],"wp:attachment":[{"href":"https:\/\/lapparan.fr\/es\/wp-json\/wp\/v2\/media?parent=938"}],"curies":[{"name":"wp","href":"https:\/\/api.w.org\/{rel}","templated":true}]}}